{"id":2031,"date":"2023-12-20T08:01:35","date_gmt":"2023-12-20T07:01:35","guid":{"rendered":"https:\/\/cialtagama.com\/espai-pro\/"},"modified":"2024-12-28T12:37:45","modified_gmt":"2024-12-28T11:37:45","slug":"espai-pro","status":"publish","type":"page","link":"https:\/\/cialtagama.com\/ca\/espai-pro\/","title":{"rendered":"Espai pro"},"content":{"rendered":"<div class=\"wpb-content-wrapper\"><p>[vc_row padding_top_multiplier=&#8221;2x&#8221;][vc_column width=&#8221;1\/6&#8243;][\/vc_column][vc_column width=&#8221;2\/3&#8243; add_column_link=&#8221;yes&#8221; grve_css=&#8221;{&#8220;desktop&#8220;:{&#8220;border-color&#8220;:&#8220;#e5e5e5&#8220;,&#8220;border-style&#8220;:&#8220;solid&#8220;,&#8220;class&#8220;:&#8220;grve-wpb-1735385681156&#8220;}}&#8221;][vc_column_text css=&#8221;&#8221;]Aqu\u00ed hi ha els arxius, dossiers de premsa, dossiers pedag\u00f2gics i arxius de comunicaci\u00f3 disponibles per a cada espectacle. Per accedir als documents i informacions sobre preus i condicions de les gires, poseu-vos en contacte amb <strong>Ang\u00e9la Kontis, responsable de Producci\u00f3 i Distribuci\u00f3<\/strong>, per correu electr\u00f2nic a la seg\u00fcent adre\u00e7a: <a href=\"mailto:production@cialtagama.com\"><span style=\"text-decoration: underline;\">production@cialtagama.com<\/span><\/a>[\/vc_column_text][\/vc_column][vc_column width=&#8221;1\/6&#8243;][\/vc_column][\/vc_row][vc_row][vc_column width=&#8221;1\/6&#8243;][\/vc_column][vc_column width=&#8221;2\/3&#8243; text_align=&#8221;center&#8221; add_column_link=&#8221;yes&#8221; column_link=&#8221;url:https%3A%2F%2Fcialtagama.com%2Fespace-pros%2Fespace-pros-mentir-lo-minimo-en-salle%2F|title:Espace%20pros%20%E2%80%93%20Mentir%20lo%20M%C3%ADnimo%20en%20salle&#8221; grve_css=&#8221;{&#8220;desktop&#8220;:{&#8220;border-top&#8220;:1,&#8220;border-right&#8220;:1,&#8220;border-bottom&#8220;:1,&#8220;border-left&#8220;:1,&#8220;padding-top&#8220;:&#8220;30&#8220;,&#8220;padding-right&#8220;:&#8220;30&#8220;,&#8220;padding-bottom&#8220;:&#8220;30&#8220;,&#8220;padding-left&#8220;:&#8220;30&#8220;,&#8220;border-color&#8220;:&#8220;#e5e5e5&#8220;,&#8220;border-style&#8220;:&#8220;solid&#8220;,&#8220;class&#8220;:&#8220;grve-wpb-1705824776886&#8220;}}&#8221;]<h3 class=\"grve-element grve-title grve-align-inherit grve-h3\"><span>Mentir lo M\u00ednimo en teatre<\/span><\/h3>[\/vc_column][vc_column width=&#8221;1\/6&#8243;][\/vc_column][\/vc_row][vc_row padding_top_multiplier=&#8221;&#8221;][vc_column width=&#8221;1\/6&#8243;][\/vc_column][vc_column width=&#8221;2\/3&#8243; text_align=&#8221;center&#8221; add_column_link=&#8221;yes&#8221; column_link=&#8221;url:https%3A%2F%2Fcialtagama.com%2Fespace-pros%2Fespace-pros-mentir-lo-minimo-en-rue%2F|title:Espace%20pros%20%E2%80%93%20Mentir%20lo%20M%C3%ADnimo%20en%20rue&#8221; grve_css=&#8221;{&#8220;desktop&#8220;:{&#8220;border-top&#8220;:1,&#8220;border-right&#8220;:1,&#8220;border-bottom&#8220;:1,&#8220;border-left&#8220;:1,&#8220;padding-top&#8220;:&#8220;30&#8220;,&#8220;padding-right&#8220;:&#8220;30&#8220;,&#8220;padding-bottom&#8220;:&#8220;30&#8220;,&#8220;padding-left&#8220;:&#8220;30&#8220;,&#8220;border-color&#8220;:&#8220;#e5e5e5&#8220;,&#8220;border-style&#8220;:&#8220;solid&#8220;,&#8220;class&#8220;:&#8220;grve-wpb-1705672348040&#8220;}}&#8221;]<h3 class=\"grve-element grve-title grve-align-inherit grve-h3\"><span>Mentir lo M\u00ednimo al carrer<\/span><\/h3>[\/vc_column][vc_column width=&#8221;1\/6&#8243;][\/vc_column][\/vc_row][vc_row padding_top_multiplier=&#8221;&#8221;][vc_column width=&#8221;1\/6&#8243;][\/vc_column][vc_column width=&#8221;2\/3&#8243; text_align=&#8221;center&#8221; add_column_link=&#8221;yes&#8221; column_link=&#8221;url:https%3A%2F%2Fcialtagama.com%2Fespace-pros%2Fespace-pros-mentir-lo-minimo%2F|title:Espace%20pros%20%E2%80%93%20Mentir%20lo%20M%C3%ADnimo%20sous%20d%C3%B4me&#8221; grve_css=&#8221;{&#8220;desktop&#8220;:{&#8220;border-top&#8220;:1,&#8220;border-right&#8220;:1,&#8220;border-bottom&#8220;:1,&#8220;border-left&#8220;:1,&#8220;padding-top&#8220;:&#8220;30&#8220;,&#8220;padding-right&#8220;:&#8220;30&#8220;,&#8220;padding-bottom&#8220;:&#8220;30&#8220;,&#8220;padding-left&#8220;:&#8220;30&#8220;,&#8220;border-color&#8220;:&#8220;#e5e5e5&#8220;,&#8220;border-style&#8220;:&#8220;solid&#8220;,&#8220;class&#8220;:&#8220;grve-wpb-1705671643656&#8220;}}&#8221;]<h3 class=\"grve-element grve-title grve-align-inherit grve-h3\"><span>Mentir lo M\u00ednimo al dom<\/span><\/h3>[\/vc_column][vc_column width=&#8221;1\/6&#8243;][\/vc_column][\/vc_row][vc_row padding_top_multiplier=&#8221;&#8221;][vc_column width=&#8221;1\/6&#8243;][\/vc_column][vc_column width=&#8221;2\/3&#8243; text_align=&#8221;center&#8221; add_column_link=&#8221;yes&#8221; column_link=&#8221;url:https%3A%2F%2Fcialtagama.com%2Fespace-pros%2Fespace-pros-mediation-culturelle%2F|title:Espace%20pros%20%E2%80%93%20M%C3%A9diation%20Culturelle&#8221; grve_css=&#8221;{&#8220;desktop&#8220;:{&#8220;border-top&#8220;:1,&#8220;border-right&#8220;:1,&#8220;border-bottom&#8220;:1,&#8220;border-left&#8220;:1,&#8220;padding-top&#8220;:&#8220;30&#8220;,&#8220;padding-right&#8220;:&#8220;30&#8220;,&#8220;padding-bottom&#8220;:&#8220;30&#8220;,&#8220;padding-left&#8220;:&#8220;30&#8220;,&#8220;border-color&#8220;:&#8220;#e5e5e5&#8220;,&#8220;border-style&#8220;:&#8220;solid&#8220;,&#8220;class&#8220;:&#8220;grve-wpb-1705741525255&#8220;}}&#8221;]<h3 class=\"grve-element grve-title grve-align-inherit grve-h3\"><span>Mediaci\u00f3 Cultural<\/span><\/h3>[\/vc_column][vc_column width=&#8221;1\/6&#8243;][\/vc_column][\/vc_row]<\/p>\n<\/div>","protected":false},"excerpt":{"rendered":"<p>[vc_row padding_top_multiplier=&#8221;2x&#8221;][vc_column width=&#8221;1\/6&#8243;][\/vc_column][vc_column width=&#8221;2\/3&#8243; add_column_link=&#8221;yes&#8221; grve_css=&#8221;{&#8220;desktop&#8220;:{&#8220;border-color&#8220;:&#8220;#e5e5e5&#8220;,&#8220;border-style&#8220;:&#8220;solid&#8220;,&#8220;class&#8220;:&#8220;grve-wpb-1735385681156&#8220;}}&#8221;][vc_column_text css=&#8221;&#8221;]Aqu\u00ed hi ha els arxius, dossiers de premsa, dossiers pedag\u00f2gics i arxius de comunicaci\u00f3 disponibles per a cada espectacle. Per accedir als documents i informacions sobre preus i condicions de les gires, poseu-vos en contacte amb Ang\u00e9la Kontis, responsable de Producci\u00f3 i Distribuci\u00f3, per correu electr\u00f2nic a la seg\u00fcent [&hellip;]<\/p>\n","protected":false},"author":1,"featured_media":0,"parent":0,"menu_order":0,"comment_status":"closed","ping_status":"closed","template":"","meta":{"footnotes":""},"class_list":["post-2031","page","type-page","status-publish","hentry","grve-entry-item"],"yoast_head":"<!-- This site is optimized with the Yoast SEO plugin v26.6 - https:\/\/yoast.com\/wordpress\/plugins\/seo\/ -->\n<title>Espai pro - Alta Gama<\/title>\n<meta name=\"robots\" content=\"index, follow, max-snippet:-1, max-image-preview:large, max-video-preview:-1\" \/>\n<link rel=\"canonical\" href=\"https:\/\/cialtagama.com\/ca\/espai-pro\/\" \/>\n<meta property=\"og:locale\" content=\"ca_ES\" \/>\n<meta property=\"og:type\" content=\"article\" \/>\n<meta property=\"og:title\" content=\"Espai pro - Alta Gama\" \/>\n<meta property=\"og:description\" content=\"[vc_row padding_top_multiplier=&#8221;2x&#8221;][vc_column width=&#8221;1\/6&#8243;][\/vc_column][vc_column width=&#8221;2\/3&#8243; add_column_link=&#8221;yes&#8221; grve_css=&#8221;{&#8220;desktop&#8220;:{&#8220;border-color&#8220;:&#8220;#e5e5e5&#8220;,&#8220;border-style&#8220;:&#8220;solid&#8220;,&#8220;class&#8220;:&#8220;grve-wpb-1735385681156&#8220;}}&#8221;][vc_column_text css=&#8221;&#8221;]Aqu\u00ed hi ha els arxius, dossiers de premsa, dossiers pedag\u00f2gics i arxius de comunicaci\u00f3 disponibles per a cada espectacle. Per accedir als documents i informacions sobre preus i condicions de les gires, poseu-vos en contacte amb Ang\u00e9la Kontis, responsable de Producci\u00f3 i Distribuci\u00f3, per correu electr\u00f2nic a la seg\u00fcent [&hellip;]\" \/>\n<meta property=\"og:url\" content=\"https:\/\/cialtagama.com\/ca\/espai-pro\/\" \/>\n<meta property=\"og:site_name\" content=\"Alta Gama\" \/>\n<meta property=\"article:publisher\" content=\"https:\/\/www.facebook.com\/cialtagama\" \/>\n<meta property=\"article:modified_time\" content=\"2024-12-28T11:37:45+00:00\" \/>\n<meta property=\"og:image\" content=\"https:\/\/cialtagama.com\/wp-content\/uploads\/2023\/06\/equi-bici-web.jpg\" \/>\n\t<meta property=\"og:image:width\" content=\"2100\" \/>\n\t<meta property=\"og:image:height\" content=\"1080\" \/>\n\t<meta property=\"og:image:type\" content=\"image\/jpeg\" \/>\n<meta name=\"twitter:card\" content=\"summary_large_image\" \/>\n<meta name=\"twitter:label1\" content=\"Temps estimat de lectura\" \/>\n\t<meta name=\"twitter:data1\" content=\"1 minut\" \/>\n<script type=\"application\/ld+json\" class=\"yoast-schema-graph\">{\"@context\":\"https:\/\/schema.org\",\"@graph\":[{\"@type\":\"WebPage\",\"@id\":\"https:\/\/cialtagama.com\/ca\/espai-pro\/\",\"url\":\"https:\/\/cialtagama.com\/ca\/espai-pro\/\",\"name\":\"Espai pro - Alta Gama\",\"isPartOf\":{\"@id\":\"https:\/\/cialtagama.com\/#website\"},\"datePublished\":\"2023-12-20T07:01:35+00:00\",\"dateModified\":\"2024-12-28T11:37:45+00:00\",\"breadcrumb\":{\"@id\":\"https:\/\/cialtagama.com\/ca\/espai-pro\/#breadcrumb\"},\"inLanguage\":\"ca\",\"potentialAction\":[{\"@type\":\"ReadAction\",\"target\":[\"https:\/\/cialtagama.com\/ca\/espai-pro\/\"]}]},{\"@type\":\"BreadcrumbList\",\"@id\":\"https:\/\/cialtagama.com\/ca\/espai-pro\/#breadcrumb\",\"itemListElement\":[{\"@type\":\"ListItem\",\"position\":1,\"name\":\"Accueil\",\"item\":\"https:\/\/cialtagama.com\/ca\/inici\/\"},{\"@type\":\"ListItem\",\"position\":2,\"name\":\"Espai pro\"}]},{\"@type\":\"WebSite\",\"@id\":\"https:\/\/cialtagama.com\/#website\",\"url\":\"https:\/\/cialtagama.com\/\",\"name\":\"Alta Gama\",\"description\":\"Cie Alta Gama, cirque, th\u00e9\u00e2tre, v\u00e9lo acrobatique\",\"publisher\":{\"@id\":\"https:\/\/cialtagama.com\/#organization\"},\"potentialAction\":[{\"@type\":\"SearchAction\",\"target\":{\"@type\":\"EntryPoint\",\"urlTemplate\":\"https:\/\/cialtagama.com\/?s={search_term_string}\"},\"query-input\":{\"@type\":\"PropertyValueSpecification\",\"valueRequired\":true,\"valueName\":\"search_term_string\"}}],\"inLanguage\":\"ca\"},{\"@type\":\"Organization\",\"@id\":\"https:\/\/cialtagama.com\/#organization\",\"name\":\"Alta Gama\",\"url\":\"https:\/\/cialtagama.com\/\",\"logo\":{\"@type\":\"ImageObject\",\"inLanguage\":\"ca\",\"@id\":\"https:\/\/cialtagama.com\/#\/schema\/logo\/image\/\",\"url\":\"https:\/\/cialtagama.com\/wp-content\/uploads\/2024\/01\/cropped-altagamafav.png\",\"contentUrl\":\"https:\/\/cialtagama.com\/wp-content\/uploads\/2024\/01\/cropped-altagamafav.png\",\"width\":512,\"height\":512,\"caption\":\"Alta Gama\"},\"image\":{\"@id\":\"https:\/\/cialtagama.com\/#\/schema\/logo\/image\/\"},\"sameAs\":[\"https:\/\/www.facebook.com\/cialtagama\",\"https:\/\/www.instagram.com\/cia.altagama\"]}]}<\/script>\n<!-- \/ Yoast SEO plugin. -->","yoast_head_json":{"title":"Espai pro - Alta Gama","robots":{"index":"index","follow":"follow","max-snippet":"max-snippet:-1","max-image-preview":"max-image-preview:large","max-video-preview":"max-video-preview:-1"},"canonical":"https:\/\/cialtagama.com\/ca\/espai-pro\/","og_locale":"ca_ES","og_type":"article","og_title":"Espai pro - Alta Gama","og_description":"[vc_row padding_top_multiplier=&#8221;2x&#8221;][vc_column width=&#8221;1\/6&#8243;][\/vc_column][vc_column width=&#8221;2\/3&#8243; add_column_link=&#8221;yes&#8221; grve_css=&#8221;{&#8220;desktop&#8220;:{&#8220;border-color&#8220;:&#8220;#e5e5e5&#8220;,&#8220;border-style&#8220;:&#8220;solid&#8220;,&#8220;class&#8220;:&#8220;grve-wpb-1735385681156&#8220;}}&#8221;][vc_column_text css=&#8221;&#8221;]Aqu\u00ed hi ha els arxius, dossiers de premsa, dossiers pedag\u00f2gics i arxius de comunicaci\u00f3 disponibles per a cada espectacle. Per accedir als documents i informacions sobre preus i condicions de les gires, poseu-vos en contacte amb Ang\u00e9la Kontis, responsable de Producci\u00f3 i Distribuci\u00f3, per correu electr\u00f2nic a la seg\u00fcent [&hellip;]","og_url":"https:\/\/cialtagama.com\/ca\/espai-pro\/","og_site_name":"Alta Gama","article_publisher":"https:\/\/www.facebook.com\/cialtagama","article_modified_time":"2024-12-28T11:37:45+00:00","og_image":[{"width":2100,"height":1080,"url":"https:\/\/cialtagama.com\/wp-content\/uploads\/2023\/06\/equi-bici-web.jpg","type":"image\/jpeg"}],"twitter_card":"summary_large_image","twitter_misc":{"Temps estimat de lectura":"1 minut"},"schema":{"@context":"https:\/\/schema.org","@graph":[{"@type":"WebPage","@id":"https:\/\/cialtagama.com\/ca\/espai-pro\/","url":"https:\/\/cialtagama.com\/ca\/espai-pro\/","name":"Espai pro - Alta Gama","isPartOf":{"@id":"https:\/\/cialtagama.com\/#website"},"datePublished":"2023-12-20T07:01:35+00:00","dateModified":"2024-12-28T11:37:45+00:00","breadcrumb":{"@id":"https:\/\/cialtagama.com\/ca\/espai-pro\/#breadcrumb"},"inLanguage":"ca","potentialAction":[{"@type":"ReadAction","target":["https:\/\/cialtagama.com\/ca\/espai-pro\/"]}]},{"@type":"BreadcrumbList","@id":"https:\/\/cialtagama.com\/ca\/espai-pro\/#breadcrumb","itemListElement":[{"@type":"ListItem","position":1,"name":"Accueil","item":"https:\/\/cialtagama.com\/ca\/inici\/"},{"@type":"ListItem","position":2,"name":"Espai pro"}]},{"@type":"WebSite","@id":"https:\/\/cialtagama.com\/#website","url":"https:\/\/cialtagama.com\/","name":"Alta Gama","description":"Cie Alta Gama, cirque, th\u00e9\u00e2tre, v\u00e9lo acrobatique","publisher":{"@id":"https:\/\/cialtagama.com\/#organization"},"potentialAction":[{"@type":"SearchAction","target":{"@type":"EntryPoint","urlTemplate":"https:\/\/cialtagama.com\/?s={search_term_string}"},"query-input":{"@type":"PropertyValueSpecification","valueRequired":true,"valueName":"search_term_string"}}],"inLanguage":"ca"},{"@type":"Organization","@id":"https:\/\/cialtagama.com\/#organization","name":"Alta Gama","url":"https:\/\/cialtagama.com\/","logo":{"@type":"ImageObject","inLanguage":"ca","@id":"https:\/\/cialtagama.com\/#\/schema\/logo\/image\/","url":"https:\/\/cialtagama.com\/wp-content\/uploads\/2024\/01\/cropped-altagamafav.png","contentUrl":"https:\/\/cialtagama.com\/wp-content\/uploads\/2024\/01\/cropped-altagamafav.png","width":512,"height":512,"caption":"Alta Gama"},"image":{"@id":"https:\/\/cialtagama.com\/#\/schema\/logo\/image\/"},"sameAs":["https:\/\/www.facebook.com\/cialtagama","https:\/\/www.instagram.com\/cia.altagama"]}]}},"_links":{"self":[{"href":"https:\/\/cialtagama.com\/ca\/wp-json\/wp\/v2\/pages\/2031","targetHints":{"allow":["GET"]}}],"collection":[{"href":"https:\/\/cialtagama.com\/ca\/wp-json\/wp\/v2\/pages"}],"about":[{"href":"https:\/\/cialtagama.com\/ca\/wp-json\/wp\/v2\/types\/page"}],"author":[{"embeddable":true,"href":"https:\/\/cialtagama.com\/ca\/wp-json\/wp\/v2\/users\/1"}],"replies":[{"embeddable":true,"href":"https:\/\/cialtagama.com\/ca\/wp-json\/wp\/v2\/comments?post=2031"}],"version-history":[{"count":9,"href":"https:\/\/cialtagama.com\/ca\/wp-json\/wp\/v2\/pages\/2031\/revisions"}],"predecessor-version":[{"id":2434,"href":"https:\/\/cialtagama.com\/ca\/wp-json\/wp\/v2\/pages\/2031\/revisions\/2434"}],"wp:attachment":[{"href":"https:\/\/cialtagama.com\/ca\/wp-json\/wp\/v2\/media?parent=2031"}],"curies":[{"name":"wp","href":"https:\/\/api.w.org\/{rel}","templated":true}]}}